{"id":45105,"date":"2017-06-29T09:16:52","date_gmt":"2017-06-29T07:16:52","guid":{"rendered":"https:\/\/ofabskara.se\/produkt\/fodertrag-for-kalvar-och-far\/"},"modified":"2017-06-29T09:16:52","modified_gmt":"2017-06-29T07:16:52","slug":"fodertrag-for-kalvar-och-far","status":"publish","type":"product","link":"https:\/\/ofabskara.se\/no\/produkt\/fodertrag-for-kalvar-och-far\/","title":{"rendered":"Fodertr\u00e5g f\u00f6r kalvar och f\u00e5r"},"content":{"rendered":"<p>Fodertr\u00e5gen \u00e4r tillverkade i ett stycke av livsmedelgodk\u00e4nt och UV-stabil Polyethylene. Tr\u00e5get har garanti p\u00e5 5 \u00e5r.<\/p>\n<p>Snabb och enkel att reng\u00f6ra. Dr\u00e4neringsplugg som \u00e4r enkel att lossa 30mm. Ram och benst\u00e4llning \u00e4r tillverkad av varmgalvaniserat material. Justerbara ben fr\u00e5n 31 cm till 46 cm. Ett centralt placerat r\u00f6r f\u00f6rst\u00e4rker benst\u00e4llningen.<\/p>\n<p>Anv\u00e4ndes f\u00f6r utfodring av fastfoder eller mj\u00f6lk till kalvar. Tr\u00e5get \u00e4r s\u00e5 utformat att hinkarna passar perfekt.<\/p>\n","protected":false},"excerpt":{"rendered":"<p>Fodertr\u00e5gen \u00e4r tillverkade i ett stycke av livsmedelgodk\u00e4nt och UV-stabil Polyethylene. Tr\u00e5get har garanti p\u00e5 5 \u00e5r. Snabb och enkel att reng\u00f6ra. Dr\u00e4neringsplugg som \u00e4r enkel att lossa 30mm. Ram och benst\u00e4llning \u00e4r tillverkad av varmgalvaniserat material. Justerbara ben fr\u00e5n 31 cm till 46 cm. Ett centralt placerat r\u00f6r f\u00f6rst\u00e4rker benst\u00e4llningen. Anv\u00e4ndes f\u00f6r utfodring av [&hellip;]<\/p>\n","protected":false},"featured_media":8777,"comment_status":"closed","ping_status":"open","template":"","meta":{"_acf_changed":false,"inline_featured_image":false},"product_brand":[],"product_cat":[3044,3006],"product_tag":[],"class_list":{"0":"post-45105","1":"product","2":"type-product","3":"status-publish","4":"has-post-thumbnail","6":"product_cat-fodertrag-pa-benstallning","7":"product_cat-notdjur","9":"first","10":"instock","11":"taxable","12":"shipping-taxable","13":"product-type-grouped"},"acf":[],"yoast_head":"<!-- This site is optimized with the Yoast SEO plugin v24.4 - https:\/\/yoast.com\/wordpress\/plugins\/seo\/ -->\n<title>Fodertr\u00e5g f\u00f6r kalvar och f\u00e5r - Ofab<\/title>\n<meta name=\"robots\" content=\"index, follow, max-snippet:-1, max-image-preview:large, max-video-preview:-1\" \/>\n<link rel=\"canonical\" href=\"https:\/\/ofabskara.se\/no\/produkt\/fodertrag-for-kalvar-och-far\/\" \/>\n<meta property=\"og:locale\" content=\"nb_NO\" \/>\n<meta property=\"og:type\" content=\"article\" \/>\n<meta property=\"og:title\" content=\"Fodertr\u00e5g f\u00f6r kalvar och f\u00e5r - Ofab\" \/>\n<meta property=\"og:description\" content=\"Fodertr\u00e5gen \u00e4r tillverkade i ett stycke av livsmedelgodk\u00e4nt och UV-stabil Polyethylene. Tr\u00e5get har garanti p\u00e5 5 \u00e5r. Snabb och enkel att reng\u00f6ra. Dr\u00e4neringsplugg som \u00e4r enkel att lossa 30mm. Ram och benst\u00e4llning \u00e4r tillverkad av varmgalvaniserat material. Justerbara ben fr\u00e5n 31 cm till 46 cm. Ett centralt placerat r\u00f6r f\u00f6rst\u00e4rker benst\u00e4llningen. Anv\u00e4ndes f\u00f6r utfodring av [&hellip;]\" \/>\n<meta property=\"og:url\" content=\"https:\/\/ofabskara.se\/no\/produkt\/fodertrag-for-kalvar-och-far\/\" \/>\n<meta property=\"og:site_name\" content=\"Ofab\" \/>\n<meta name=\"twitter:card\" content=\"summary_large_image\" \/>\n<script type=\"application\/ld+json\" class=\"yoast-schema-graph\">{\"@context\":\"https:\/\/schema.org\",\"@graph\":[{\"@type\":\"WebPage\",\"@id\":\"https:\/\/ofabskara.se\/no\/produkt\/fodertrag-for-kalvar-och-far\/\",\"url\":\"https:\/\/ofabskara.se\/no\/produkt\/fodertrag-for-kalvar-och-far\/\",\"name\":\"Fodertr\u00e5g f\u00f6r kalvar och f\u00e5r - Ofab\",\"isPartOf\":{\"@id\":\"https:\/\/ofabskara.se\/sv\/#website\"},\"primaryImageOfPage\":{\"@id\":\"https:\/\/ofabskara.se\/no\/produkt\/fodertrag-for-kalvar-och-far\/#primaryimage\"},\"image\":{\"@id\":\"https:\/\/ofabskara.se\/no\/produkt\/fodertrag-for-kalvar-och-far\/#primaryimage\"},\"thumbnailUrl\":\"https:\/\/ofabskara.se\/wp-content\/uploads\/2023\/09\/d235.jpg\",\"datePublished\":\"2017-06-29T07:16:52+00:00\",\"breadcrumb\":{\"@id\":\"https:\/\/ofabskara.se\/no\/produkt\/fodertrag-for-kalvar-och-far\/#breadcrumb\"},\"inLanguage\":\"nb-NO\",\"potentialAction\":[{\"@type\":\"ReadAction\",\"target\":[\"https:\/\/ofabskara.se\/no\/produkt\/fodertrag-for-kalvar-och-far\/\"]}]},{\"@type\":\"ImageObject\",\"inLanguage\":\"nb-NO\",\"@id\":\"https:\/\/ofabskara.se\/no\/produkt\/fodertrag-for-kalvar-och-far\/#primaryimage\",\"url\":\"https:\/\/ofabskara.se\/wp-content\/uploads\/2023\/09\/d235.jpg\",\"contentUrl\":\"https:\/\/ofabskara.se\/wp-content\/uploads\/2023\/09\/d235.jpg\",\"width\":1200,\"height\":1200},{\"@type\":\"BreadcrumbList\",\"@id\":\"https:\/\/ofabskara.se\/no\/produkt\/fodertrag-for-kalvar-och-far\/#breadcrumb\",\"itemListElement\":[{\"@type\":\"ListItem\",\"position\":1,\"name\":\"Home\",\"item\":\"https:\/\/ofabskara.se\/no\/\"},{\"@type\":\"ListItem\",\"position\":2,\"name\":\"Butik\",\"item\":\"https:\/\/ofabskara.se\/sv\/butik\/\"},{\"@type\":\"ListItem\",\"position\":3,\"name\":\"Fodertr\u00e5g f\u00f6r kalvar och f\u00e5r\"}]},{\"@type\":\"WebSite\",\"@id\":\"https:\/\/ofabskara.se\/sv\/#website\",\"url\":\"https:\/\/ofabskara.se\/sv\/\",\"name\":\"Ofab\",\"description\":\"\",\"potentialAction\":[{\"@type\":\"SearchAction\",\"target\":{\"@type\":\"EntryPoint\",\"urlTemplate\":\"https:\/\/ofabskara.se\/sv\/?s={search_term_string}\"},\"query-input\":{\"@type\":\"PropertyValueSpecification\",\"valueRequired\":true,\"valueName\":\"search_term_string\"}}],\"inLanguage\":\"nb-NO\"}]}<\/script>\n<!-- \/ Yoast SEO plugin. -->","yoast_head_json":{"title":"Fodertr\u00e5g f\u00f6r kalvar och f\u00e5r - Ofab","robots":{"index":"index","follow":"follow","max-snippet":"max-snippet:-1","max-image-preview":"max-image-preview:large","max-video-preview":"max-video-preview:-1"},"canonical":"https:\/\/ofabskara.se\/no\/produkt\/fodertrag-for-kalvar-och-far\/","og_locale":"nb_NO","og_type":"article","og_title":"Fodertr\u00e5g f\u00f6r kalvar och f\u00e5r - Ofab","og_description":"Fodertr\u00e5gen \u00e4r tillverkade i ett stycke av livsmedelgodk\u00e4nt och UV-stabil Polyethylene. Tr\u00e5get har garanti p\u00e5 5 \u00e5r. Snabb och enkel att reng\u00f6ra. Dr\u00e4neringsplugg som \u00e4r enkel att lossa 30mm. Ram och benst\u00e4llning \u00e4r tillverkad av varmgalvaniserat material. Justerbara ben fr\u00e5n 31 cm till 46 cm. Ett centralt placerat r\u00f6r f\u00f6rst\u00e4rker benst\u00e4llningen. Anv\u00e4ndes f\u00f6r utfodring av [&hellip;]","og_url":"https:\/\/ofabskara.se\/no\/produkt\/fodertrag-for-kalvar-och-far\/","og_site_name":"Ofab","twitter_card":"summary_large_image","schema":{"@context":"https:\/\/schema.org","@graph":[{"@type":"WebPage","@id":"https:\/\/ofabskara.se\/no\/produkt\/fodertrag-for-kalvar-och-far\/","url":"https:\/\/ofabskara.se\/no\/produkt\/fodertrag-for-kalvar-och-far\/","name":"Fodertr\u00e5g f\u00f6r kalvar och f\u00e5r - Ofab","isPartOf":{"@id":"https:\/\/ofabskara.se\/sv\/#website"},"primaryImageOfPage":{"@id":"https:\/\/ofabskara.se\/no\/produkt\/fodertrag-for-kalvar-och-far\/#primaryimage"},"image":{"@id":"https:\/\/ofabskara.se\/no\/produkt\/fodertrag-for-kalvar-och-far\/#primaryimage"},"thumbnailUrl":"https:\/\/ofabskara.se\/wp-content\/uploads\/2023\/09\/d235.jpg","datePublished":"2017-06-29T07:16:52+00:00","breadcrumb":{"@id":"https:\/\/ofabskara.se\/no\/produkt\/fodertrag-for-kalvar-och-far\/#breadcrumb"},"inLanguage":"nb-NO","potentialAction":[{"@type":"ReadAction","target":["https:\/\/ofabskara.se\/no\/produkt\/fodertrag-for-kalvar-och-far\/"]}]},{"@type":"ImageObject","inLanguage":"nb-NO","@id":"https:\/\/ofabskara.se\/no\/produkt\/fodertrag-for-kalvar-och-far\/#primaryimage","url":"https:\/\/ofabskara.se\/wp-content\/uploads\/2023\/09\/d235.jpg","contentUrl":"https:\/\/ofabskara.se\/wp-content\/uploads\/2023\/09\/d235.jpg","width":1200,"height":1200},{"@type":"BreadcrumbList","@id":"https:\/\/ofabskara.se\/no\/produkt\/fodertrag-for-kalvar-och-far\/#breadcrumb","itemListElement":[{"@type":"ListItem","position":1,"name":"Home","item":"https:\/\/ofabskara.se\/no\/"},{"@type":"ListItem","position":2,"name":"Butik","item":"https:\/\/ofabskara.se\/sv\/butik\/"},{"@type":"ListItem","position":3,"name":"Fodertr\u00e5g f\u00f6r kalvar och f\u00e5r"}]},{"@type":"WebSite","@id":"https:\/\/ofabskara.se\/sv\/#website","url":"https:\/\/ofabskara.se\/sv\/","name":"Ofab","description":"","potentialAction":[{"@type":"SearchAction","target":{"@type":"EntryPoint","urlTemplate":"https:\/\/ofabskara.se\/sv\/?s={search_term_string}"},"query-input":{"@type":"PropertyValueSpecification","valueRequired":true,"valueName":"search_term_string"}}],"inLanguage":"nb-NO"}]}},"_links":{"self":[{"href":"https:\/\/ofabskara.se\/no\/wp-json\/wp\/v2\/product\/45105","targetHints":{"allow":["GET"]}}],"collection":[{"href":"https:\/\/ofabskara.se\/no\/wp-json\/wp\/v2\/product"}],"about":[{"href":"https:\/\/ofabskara.se\/no\/wp-json\/wp\/v2\/types\/product"}],"replies":[{"embeddable":true,"href":"https:\/\/ofabskara.se\/no\/wp-json\/wp\/v2\/comments?post=45105"}],"wp:featuredmedia":[{"embeddable":true,"href":"https:\/\/ofabskara.se\/no\/wp-json\/wp\/v2\/media\/8777"}],"wp:attachment":[{"href":"https:\/\/ofabskara.se\/no\/wp-json\/wp\/v2\/media?parent=45105"}],"wp:term":[{"taxonomy":"product_brand","embeddable":true,"href":"https:\/\/ofabskara.se\/no\/wp-json\/wp\/v2\/product_brand?post=45105"},{"taxonomy":"product_cat","embeddable":true,"href":"https:\/\/ofabskara.se\/no\/wp-json\/wp\/v2\/product_cat?post=45105"},{"taxonomy":"product_tag","embeddable":true,"href":"https:\/\/ofabskara.se\/no\/wp-json\/wp\/v2\/product_tag?post=45105"}],"curies":[{"name":"wp","href":"https:\/\/api.w.org\/{rel}","templated":true}]}}