{"id":48650,"date":"2026-06-17T15:45:33","date_gmt":"2026-06-17T13:45:33","guid":{"rendered":"https:\/\/ofabskara.se\/produkt\/la-buvette-740-mm-polyetenstativ\/"},"modified":"2026-06-24T16:57:53","modified_gmt":"2026-06-24T14:57:53","slug":"la-buvette-740-mm-polyetenstativ","status":"publish","type":"product","link":"https:\/\/ofabskara.se\/no\/produkt\/la-buvette-740-mm-polyetenstativ\/","title":{"rendered":"La Buvette 740 mm polyetenstativ"},"content":{"rendered":"<p>Sockel i dubbelv\u00e4ggig polyeten, isolerad med polyuretanskum, som b\u00e4r upp en frostfri dryckesautomat. Den h\u00e4r modellen \u00e4r 740 mm h\u00f6g och anpassad f\u00f6r h\u00e4star \u2014 h\u00f6jden ger djuren en bekv\u00e4m dricksst\u00e4llning och h\u00e5ller automaten renare. Sockeln \u00e4r robust och f\u00e4sts i golvet p\u00e5 fyra punkter. Avtappningsh\u00e5l med isolerande propp ing\u00e5r.<\/p>\n<ul>\n<li>Material: polyeten (PE), dubbelv\u00e4gg<\/li>\n<li>Isolering: polyuretanskum + luft<\/li>\n<li>H\u00f6jd: 740 mm (anpassad f\u00f6r h\u00e4st)<\/li>\n<li>Avtappningsh\u00e5l med isolerande propp<\/li>\n<li>Inf\u00e4stning: golv, 4 punkter<\/li>\n<li>Placering: utomhus, frostskydd<\/li>\n<li>M\u00e5tt (L\u00d7B\u00d7H): 408 \u00d7 408 \u00d7 740 mm, vikt 8,35 kg<\/li>\n<\/ul>\n","protected":false},"excerpt":{"rendered":"<p>Isolerad polyetensockel H740 mm f\u00f6r frostfria vattenautomater, anpassad f\u00f6r h\u00e4star.<\/p>\n","protected":false},"featured_media":50056,"comment_status":"open","ping_status":"closed","template":"","meta":{"_acf_changed":false,"inline_featured_image":false},"product_brand":[],"product_cat":[3034,3682],"product_tag":[],"class_list":["post-48650","product","type-product","status-publish","has-post-thumbnail","product_cat-tillbehor","product_cat-vattenautomat-for-hast","first","instock","taxable","shipping-taxable","purchasable","product-type-simple"],"acf":[],"yoast_head":"<!-- This site is optimized with the Yoast SEO plugin v27.7 - https:\/\/yoast.com\/product\/yoast-seo-wordpress\/ -->\n<title>La Buvette 740 mm polyetenstativ - Ofab<\/title>\n<meta name=\"robots\" content=\"index, follow, max-snippet:-1, max-image-preview:large, max-video-preview:-1\" \/>\n<link rel=\"canonical\" href=\"https:\/\/ofabskara.se\/sv\/produkt\/la-buvette-740-mm-polyetenstativ\/\" \/>\n<meta property=\"og:locale\" content=\"nb_NO\" \/>\n<meta property=\"og:type\" content=\"article\" \/>\n<meta property=\"og:title\" content=\"La Buvette 740 mm polyetenstativ - Ofab\" \/>\n<meta property=\"og:description\" content=\"Isolerad polyetensockel H740 mm f\u00f6r frostfria vattenautomater, anpassad f\u00f6r h\u00e4star.\" \/>\n<meta property=\"og:url\" content=\"https:\/\/ofabskara.se\/sv\/produkt\/la-buvette-740-mm-polyetenstativ\/\" \/>\n<meta property=\"og:site_name\" content=\"Ofab\" \/>\n<meta property=\"article:modified_time\" content=\"2026-06-24T14:57:53+00:00\" \/>\n<meta property=\"og:image\" content=\"https:\/\/ofabskara.se\/wp-content\/uploads\/2026\/06\/A573.jpg\" \/>\n\t<meta property=\"og:image:width\" content=\"1547\" \/>\n\t<meta property=\"og:image:height\" content=\"1546\" \/>\n\t<meta property=\"og:image:type\" content=\"image\/jpeg\" \/>\n<meta name=\"twitter:card\" content=\"summary_large_image\" \/>\n<script type=\"application\/ld+json\" class=\"yoast-schema-graph\">{\"@context\":\"https:\\\/\\\/schema.org\",\"@graph\":[{\"@type\":\"WebPage\",\"@id\":\"https:\\\/\\\/ofabskara.se\\\/sv\\\/produkt\\\/la-buvette-740-mm-polyetenstativ\\\/\",\"url\":\"https:\\\/\\\/ofabskara.se\\\/sv\\\/produkt\\\/la-buvette-740-mm-polyetenstativ\\\/\",\"name\":\"La Buvette 740 mm polyetenstativ - Ofab\",\"isPartOf\":{\"@id\":\"https:\\\/\\\/ofabskara.se\\\/sv\\\/#website\"},\"primaryImageOfPage\":{\"@id\":\"https:\\\/\\\/ofabskara.se\\\/sv\\\/produkt\\\/la-buvette-740-mm-polyetenstativ\\\/#primaryimage\"},\"image\":{\"@id\":\"https:\\\/\\\/ofabskara.se\\\/sv\\\/produkt\\\/la-buvette-740-mm-polyetenstativ\\\/#primaryimage\"},\"thumbnailUrl\":\"https:\\\/\\\/ofabskara.se\\\/wp-content\\\/uploads\\\/2026\\\/06\\\/A573.jpg\",\"datePublished\":\"2026-06-17T13:45:33+00:00\",\"dateModified\":\"2026-06-24T14:57:53+00:00\",\"breadcrumb\":{\"@id\":\"https:\\\/\\\/ofabskara.se\\\/sv\\\/produkt\\\/la-buvette-740-mm-polyetenstativ\\\/#breadcrumb\"},\"inLanguage\":\"nb-NO\",\"potentialAction\":[{\"@type\":\"ReadAction\",\"target\":[\"https:\\\/\\\/ofabskara.se\\\/sv\\\/produkt\\\/la-buvette-740-mm-polyetenstativ\\\/\"]}]},{\"@type\":\"ImageObject\",\"inLanguage\":\"nb-NO\",\"@id\":\"https:\\\/\\\/ofabskara.se\\\/sv\\\/produkt\\\/la-buvette-740-mm-polyetenstativ\\\/#primaryimage\",\"url\":\"https:\\\/\\\/ofabskara.se\\\/wp-content\\\/uploads\\\/2026\\\/06\\\/A573.jpg\",\"contentUrl\":\"https:\\\/\\\/ofabskara.se\\\/wp-content\\\/uploads\\\/2026\\\/06\\\/A573.jpg\",\"width\":1547,\"height\":1546,\"caption\":\"A573\"},{\"@type\":\"BreadcrumbList\",\"@id\":\"https:\\\/\\\/ofabskara.se\\\/sv\\\/produkt\\\/la-buvette-740-mm-polyetenstativ\\\/#breadcrumb\",\"itemListElement\":[{\"@type\":\"ListItem\",\"position\":1,\"name\":\"Home\",\"item\":\"https:\\\/\\\/ofabskara.se\\\/no\\\/\"},{\"@type\":\"ListItem\",\"position\":2,\"name\":\"Butik\",\"item\":\"https:\\\/\\\/ofabskara.se\\\/sv\\\/butik\\\/\"},{\"@type\":\"ListItem\",\"position\":3,\"name\":\"La Buvette 740 mm polyetenstativ\"}]},{\"@type\":\"WebSite\",\"@id\":\"https:\\\/\\\/ofabskara.se\\\/sv\\\/#website\",\"url\":\"https:\\\/\\\/ofabskara.se\\\/sv\\\/\",\"name\":\"Ofab\",\"description\":\"\",\"potentialAction\":[{\"@type\":\"SearchAction\",\"target\":{\"@type\":\"EntryPoint\",\"urlTemplate\":\"https:\\\/\\\/ofabskara.se\\\/sv\\\/?s={search_term_string}\"},\"query-input\":{\"@type\":\"PropertyValueSpecification\",\"valueRequired\":true,\"valueName\":\"search_term_string\"}}],\"inLanguage\":\"nb-NO\"}]}<\/script>\n<!-- \/ Yoast SEO plugin. -->","yoast_head_json":{"title":"La Buvette 740 mm polyetenstativ - Ofab","robots":{"index":"index","follow":"follow","max-snippet":"max-snippet:-1","max-image-preview":"max-image-preview:large","max-video-preview":"max-video-preview:-1"},"canonical":"https:\/\/ofabskara.se\/sv\/produkt\/la-buvette-740-mm-polyetenstativ\/","og_locale":"nb_NO","og_type":"article","og_title":"La Buvette 740 mm polyetenstativ - Ofab","og_description":"Isolerad polyetensockel H740 mm f\u00f6r frostfria vattenautomater, anpassad f\u00f6r h\u00e4star.","og_url":"https:\/\/ofabskara.se\/sv\/produkt\/la-buvette-740-mm-polyetenstativ\/","og_site_name":"Ofab","article_modified_time":"2026-06-24T14:57:53+00:00","og_image":[{"width":1547,"height":1546,"url":"https:\/\/ofabskara.se\/wp-content\/uploads\/2026\/06\/A573.jpg","type":"image\/jpeg"}],"twitter_card":"summary_large_image","schema":{"@context":"https:\/\/schema.org","@graph":[{"@type":"WebPage","@id":"https:\/\/ofabskara.se\/sv\/produkt\/la-buvette-740-mm-polyetenstativ\/","url":"https:\/\/ofabskara.se\/sv\/produkt\/la-buvette-740-mm-polyetenstativ\/","name":"La Buvette 740 mm polyetenstativ - Ofab","isPartOf":{"@id":"https:\/\/ofabskara.se\/sv\/#website"},"primaryImageOfPage":{"@id":"https:\/\/ofabskara.se\/sv\/produkt\/la-buvette-740-mm-polyetenstativ\/#primaryimage"},"image":{"@id":"https:\/\/ofabskara.se\/sv\/produkt\/la-buvette-740-mm-polyetenstativ\/#primaryimage"},"thumbnailUrl":"https:\/\/ofabskara.se\/wp-content\/uploads\/2026\/06\/A573.jpg","datePublished":"2026-06-17T13:45:33+00:00","dateModified":"2026-06-24T14:57:53+00:00","breadcrumb":{"@id":"https:\/\/ofabskara.se\/sv\/produkt\/la-buvette-740-mm-polyetenstativ\/#breadcrumb"},"inLanguage":"nb-NO","potentialAction":[{"@type":"ReadAction","target":["https:\/\/ofabskara.se\/sv\/produkt\/la-buvette-740-mm-polyetenstativ\/"]}]},{"@type":"ImageObject","inLanguage":"nb-NO","@id":"https:\/\/ofabskara.se\/sv\/produkt\/la-buvette-740-mm-polyetenstativ\/#primaryimage","url":"https:\/\/ofabskara.se\/wp-content\/uploads\/2026\/06\/A573.jpg","contentUrl":"https:\/\/ofabskara.se\/wp-content\/uploads\/2026\/06\/A573.jpg","width":1547,"height":1546,"caption":"A573"},{"@type":"BreadcrumbList","@id":"https:\/\/ofabskara.se\/sv\/produkt\/la-buvette-740-mm-polyetenstativ\/#breadcrumb","itemListElement":[{"@type":"ListItem","position":1,"name":"Home","item":"https:\/\/ofabskara.se\/no\/"},{"@type":"ListItem","position":2,"name":"Butik","item":"https:\/\/ofabskara.se\/sv\/butik\/"},{"@type":"ListItem","position":3,"name":"La Buvette 740 mm polyetenstativ"}]},{"@type":"WebSite","@id":"https:\/\/ofabskara.se\/sv\/#website","url":"https:\/\/ofabskara.se\/sv\/","name":"Ofab","description":"","potentialAction":[{"@type":"SearchAction","target":{"@type":"EntryPoint","urlTemplate":"https:\/\/ofabskara.se\/sv\/?s={search_term_string}"},"query-input":{"@type":"PropertyValueSpecification","valueRequired":true,"valueName":"search_term_string"}}],"inLanguage":"nb-NO"}]}},"_links":{"self":[{"href":"https:\/\/ofabskara.se\/no\/wp-json\/wp\/v2\/product\/48650","targetHints":{"allow":["GET"]}}],"collection":[{"href":"https:\/\/ofabskara.se\/no\/wp-json\/wp\/v2\/product"}],"about":[{"href":"https:\/\/ofabskara.se\/no\/wp-json\/wp\/v2\/types\/product"}],"replies":[{"embeddable":true,"href":"https:\/\/ofabskara.se\/no\/wp-json\/wp\/v2\/comments?post=48650"}],"wp:featuredmedia":[{"embeddable":true,"href":"https:\/\/ofabskara.se\/no\/wp-json\/wp\/v2\/media\/50056"}],"wp:attachment":[{"href":"https:\/\/ofabskara.se\/no\/wp-json\/wp\/v2\/media?parent=48650"}],"wp:term":[{"taxonomy":"product_brand","embeddable":true,"href":"https:\/\/ofabskara.se\/no\/wp-json\/wp\/v2\/product_brand?post=48650"},{"taxonomy":"product_cat","embeddable":true,"href":"https:\/\/ofabskara.se\/no\/wp-json\/wp\/v2\/product_cat?post=48650"},{"taxonomy":"product_tag","embeddable":true,"href":"https:\/\/ofabskara.se\/no\/wp-json\/wp\/v2\/product_tag?post=48650"}],"curies":[{"name":"wp","href":"https:\/\/api.w.org\/{rel}","templated":true}]}}